{"id":4985,"date":"2023-01-06T11:32:23","date_gmt":"2023-01-06T10:32:23","guid":{"rendered":"https:\/\/fundacjaaga.pl\/?page_id=4985"},"modified":"2023-04-05T11:53:44","modified_gmt":"2023-04-05T09:53:44","slug":"aga","status":"publish","type":"page","link":"https:\/\/fundacjaaga.pl\/?page_id=4985","title":{"rendered":"AGA"},"content":{"rendered":"\t\t<div data-elementor-type=\"wp-page\" data-elementor-id=\"4985\" class=\"elementor elementor-4985\" data-elementor-post-type=\"page\">\n\t\t\t\t\t\t<section class=\"elementor-section elementor-top-section elementor-element elementor-element-a904826 elementor-section-boxed elementor-section-height-default elementor-section-height-default\" data-id=\"a904826\" data-element_type=\"section\" data-settings=\"{&quot;background_background&quot;:&quot;classic&quot;}\">\n\t\t\t\t\t\t\t<div class=\"elementor-background-overlay\"><\/div>\n\t\t\t\t\t\t\t<div class=\"elementor-container elementor-column-gap-default\">\n\t\t\t\t\t<div class=\"elementor-column elementor-col-100 elementor-top-column elementor-element elementor-element-0ac2546\" data-id=\"0ac2546\" data-element_type=\"column\">\n\t\t\t<div class=\"elementor-widget-wrap elementor-element-populated\">\n\t\t\t\t\t\t<div class=\"elementor-element elementor-element-4f9d202 elementor-widget elementor-widget-text-editor\" data-id=\"4f9d202\" data-element_type=\"widget\" data-widget_type=\"text-editor.default\">\n\t\t\t\t<div class=\"elementor-widget-container\">\n\t\t\t\t\t\t\t\t\t<div class=\"et_pb_column et_pb_column_4_4 et_pb_column_0 et_pb_css_mix_blend_mode_passthrough et-last-child\"><div class=\"et_pb_module et_pb_text et_pb_text_0 et_pb_bg_layout_light et_pb_text_align_left\"><div class=\"et_pb_text_inner\"><div class=\"et_pb_row et_pb_row_1\"><div class=\"et_pb_column et_pb_column_4_4 et_pb_column_3 et_pb_css_mix_blend_mode_passthrough et-last-child\"><div class=\"et_pb_module et_pb_text et_pb_text_0 et_pb_bg_layout_light et_pb_text_align_justified\"><div class=\"et_pb_text_inner\"><div id=\"js_7f\" class=\"_3058 _ui9 _hh7 _s1- _52mr _3oh-\" data-tooltip-content=\"20:21\" data-hover=\"tooltip\" data-tooltip-position=\"left\" aria-describedby=\"js_21\"><p dir=\"ltr\" style=\"text-align: center;\"><span style=\"color: #cdad7d; font-size: 36pt;\">Agnieszka Kotlarska &#8211; AGA<\/span><\/p><\/div><\/div><\/div><\/div><\/div><\/div><\/div><\/div>\t\t\t\t\t\t\t\t<\/div>\n\t\t\t\t<\/div>\n\t\t\t\t<div class=\"elementor-element elementor-element-b113b79 elementor-widget elementor-widget-spacer\" data-id=\"b113b79\" data-element_type=\"widget\" data-widget_type=\"spacer.default\">\n\t\t\t\t<div class=\"elementor-widget-container\">\n\t\t\t\t\t\t\t<div class=\"elementor-spacer\">\n\t\t\t<div class=\"elementor-spacer-inner\"><\/div>\n\t\t<\/div>\n\t\t\t\t\t\t<\/div>\n\t\t\t\t<\/div>\n\t\t\t\t\t<\/div>\n\t\t<\/div>\n\t\t\t\t\t<\/div>\n\t\t<\/section>\n\t\t\t\t<section class=\"elementor-section elementor-top-section elementor-element elementor-element-89ae1e3 elementor-section-boxed elementor-section-height-default elementor-section-height-default\" data-id=\"89ae1e3\" data-element_type=\"section\">\n\t\t\t\t\t\t\t<div class=\"elementor-background-overlay\"><\/div>\n\t\t\t\t\t\t\t<div class=\"elementor-container elementor-column-gap-default\">\n\t\t\t\t\t<div class=\"elementor-column elementor-col-100 elementor-top-column elementor-element elementor-element-59f6b17\" data-id=\"59f6b17\" data-element_type=\"column\">\n\t\t\t<div class=\"elementor-widget-wrap elementor-element-populated\">\n\t\t\t\t\t\t<div class=\"elementor-element elementor-element-aecf6bd elementor-widget-divider--view-line elementor-widget elementor-widget-divider\" data-id=\"aecf6bd\" data-element_type=\"widget\" data-widget_type=\"divider.default\">\n\t\t\t\t<div class=\"elementor-widget-container\">\n\t\t\t\t\t\t\t<div class=\"elementor-divider\">\n\t\t\t<span class=\"elementor-divider-separator\">\n\t\t\t\t\t\t<\/span>\n\t\t<\/div>\n\t\t\t\t\t\t<\/div>\n\t\t\t\t<\/div>\n\t\t\t\t\t<\/div>\n\t\t<\/div>\n\t\t\t\t\t<\/div>\n\t\t<\/section>\n\t\t\t\t<section class=\"elementor-section elementor-top-section elementor-element elementor-element-5ab1f50 elementor-section-boxed elementor-section-height-default elementor-section-height-default\" data-id=\"5ab1f50\" data-element_type=\"section\">\n\t\t\t\t\t\t\t<div class=\"elementor-background-overlay\"><\/div>\n\t\t\t\t\t\t\t<div class=\"elementor-container elementor-column-gap-default\">\n\t\t\t\t\t<div class=\"elementor-column elementor-col-100 elementor-top-column elementor-element elementor-element-aa176d3\" data-id=\"aa176d3\" data-element_type=\"column\">\n\t\t\t<div class=\"elementor-widget-wrap elementor-element-populated\">\n\t\t\t\t\t\t<div class=\"elementor-element elementor-element-fbc4fe1 elementor-widget elementor-widget-text-editor\" data-id=\"fbc4fe1\" data-element_type=\"widget\" data-widget_type=\"text-editor.default\">\n\t\t\t\t<div class=\"elementor-widget-container\">\n\t\t\t\t\t\t\t\t\t<div class=\"et_pb_column et_pb_column_4_4 et_pb_column_0 et_pb_css_mix_blend_mode_passthrough et-last-child\"><div class=\"et_pb_module et_pb_text et_pb_text_0 et_pb_bg_layout_light et_pb_text_align_left\"><div class=\"et_pb_text_inner\"><div class=\"et_pb_row et_pb_row_1\"><div class=\"et_pb_column et_pb_column_4_4 et_pb_column_3 et_pb_css_mix_blend_mode_passthrough et-last-child\"><div class=\"et_pb_module et_pb_text et_pb_text_0 et_pb_bg_layout_light et_pb_text_align_justified\"><div class=\"et_pb_text_inner\"><div id=\"js_7f\" class=\"_3058 _ui9 _hh7 _s1- _52mr _3oh-\" data-tooltip-content=\"20:21\" data-hover=\"tooltip\" data-tooltip-position=\"left\" aria-describedby=\"js_21\"><p style=\"text-align: justify;\"><span style=\"font-size: 14pt;\">Pi\u0119kna sylwetka, dziewcz\u0119cy u\u015bmiech, smuk\u0142e nogi i d\u0142ugie, bujne w\u0142osy, ale r\u00f3wnie\u017c si\u0142a charakteru, opanowanie, spok\u00f3j i du\u017ca dojrza\u0142o\u015b\u0107. Takimi s\u0142owami mo\u017cna opisa\u0107 Agnieszk\u0119 Kotlarsk\u0105, kt\u00f3ra jako nastolatka zaczyna swoj\u0105 karier\u0119 w \u015bwiecie modelingu.<\/span><\/p><\/div><\/div><\/div><\/div><\/div><\/div><\/div><\/div>\t\t\t\t\t\t\t\t<\/div>\n\t\t\t\t<\/div>\n\t\t\t\t\t<\/div>\n\t\t<\/div>\n\t\t\t\t\t<\/div>\n\t\t<\/section>\n\t\t\t\t<section class=\"elementor-section elementor-top-section elementor-element elementor-element-c2f3ac5 elementor-section-boxed elementor-section-height-default elementor-section-height-default\" data-id=\"c2f3ac5\" data-element_type=\"section\">\n\t\t\t\t\t\t\t<div class=\"elementor-background-overlay\"><\/div>\n\t\t\t\t\t\t\t<div class=\"elementor-container elementor-column-gap-default\">\n\t\t\t\t\t<div class=\"elementor-column elementor-col-33 elementor-top-column elementor-element elementor-element-f67a38e\" data-id=\"f67a38e\" data-element_type=\"column\">\n\t\t\t<div class=\"elementor-widget-wrap elementor-element-populated\">\n\t\t\t\t\t\t<div class=\"elementor-element elementor-element-64b5da3 elementor-widget elementor-widget-image\" data-id=\"64b5da3\" data-element_type=\"widget\" data-widget_type=\"image.default\">\n\t\t\t\t<div class=\"elementor-widget-container\">\n\t\t\t\t\t\t\t\t\t\t\t\t\t\t\t<img fetchpriority=\"high\" decoding=\"async\" width=\"266\" height=\"355\" src=\"https:\/\/fundacjaaga.pl\/wp-content\/uploads\/2023\/01\/1.png\" class=\"attachment-large size-large wp-image-5017\" alt=\"Fundacja AGA - Fundacja pami\u0119ci Agnieszki Kotlarskiej\" srcset=\"https:\/\/fundacjaaga.pl\/wp-content\/uploads\/2023\/01\/1.png 266w, https:\/\/fundacjaaga.pl\/wp-content\/uploads\/2023\/01\/1-225x300.png 225w, https:\/\/fundacjaaga.pl\/wp-content\/uploads\/2023\/01\/1-87x116.png 87w\" sizes=\"(max-width: 266px) 100vw, 266px\" \/>\t\t\t\t\t\t\t\t\t\t\t\t\t\t\t<\/div>\n\t\t\t\t<\/div>\n\t\t\t\t\t<\/div>\n\t\t<\/div>\n\t\t\t\t<div class=\"elementor-column elementor-col-66 elementor-top-column elementor-element elementor-element-4fa4f88\" data-id=\"4fa4f88\" data-element_type=\"column\">\n\t\t\t<div class=\"elementor-widget-wrap elementor-element-populated\">\n\t\t\t\t\t\t<div class=\"elementor-element elementor-element-ac2fae9 elementor-widget elementor-widget-text-editor\" data-id=\"ac2fae9\" data-element_type=\"widget\" data-widget_type=\"text-editor.default\">\n\t\t\t\t<div class=\"elementor-widget-container\">\n\t\t\t\t\t\t\t\t\t<div class=\"et_pb_column et_pb_column_4_4 et_pb_column_0 et_pb_css_mix_blend_mode_passthrough et-last-child\"><div class=\"et_pb_module et_pb_text et_pb_text_0 et_pb_bg_layout_light et_pb_text_align_left\"><div class=\"et_pb_text_inner\"><div class=\"et_pb_row et_pb_row_1\"><div class=\"et_pb_column et_pb_column_4_4 et_pb_column_3 et_pb_css_mix_blend_mode_passthrough et-last-child\"><div class=\"et_pb_module et_pb_text et_pb_text_0 et_pb_bg_layout_light et_pb_text_align_justified\"><div class=\"et_pb_text_inner\"><div id=\"js_7f\" class=\"_3058 _ui9 _hh7 _s1- _52mr _3oh-\" data-tooltip-content=\"20:21\" data-hover=\"tooltip\" data-tooltip-position=\"left\" aria-describedby=\"js_21\"><p style=\"text-align: justify;\"><span style=\"font-size: 14pt;\">Pierwszy konkurs pi\u0119kno\u015bci w kt\u00f3rym uczestniczy\u0142a Agnieszka odby\u0142 si\u0119 w 1990 roku, a dowiedzia\u0142a si\u0119 o mim z lokalnej prasy. Z osiemdziesi\u0119ciu kandydatek konkursu pi\u0119kno\u015bci, zosta\u0142o wy\u0142onione dwadzie\u015bcia. W\u0142a\u015bnie w tej dwudziestce znalaz\u0142a si\u0119 Agnieszka. Podczas og\u0142oszenia wynik\u00f3w Agnieszka nie by\u0142a obecna, wi\u0119c organizatorzy konkursu postanowili wykona\u0107 sesj\u0119 zdj\u0119ciow\u0105 bez niej. Rodzina Agnieszki postanowi\u0142a zadzia\u0142a\u0107, dlatego po interwencji jej mamy organizatorzy zgodzili si\u0119 na indywidualn\u0105 sesj\u0119 zdj\u0119ciow\u0105 kandydatki. W\u0142a\u015bnie wtedy Agnieszka urzek\u0142a s\u0119dzi\u00f3w swoj\u0105 urod\u0105 i decyzj\u0105 jury wygra\u0142a konkurs. Tak w\u0142a\u015bnie AGA zdoby\u0142a swoj\u0105 pierwsz\u0105 koron\u0119 Miss i otworzy\u0142a sobie drzwi do kariery modelki. Po wygranym konkursie Agnieszka zacz\u0119\u0142a dostawa\u0107 zaproszenia na sesje zdj\u0119ciowe, jej wizerunek stawa\u0142 si\u0119 coraz bardziej rozpoznawalny i coraz cz\u0119\u015bciej pojawia\u0142 si\u0119 w r\u00f3\u017cnego rodzaju witrynach sklepowych.<\/span><\/p><\/div><\/div><\/div><\/div><\/div><\/div><\/div><\/div>\t\t\t\t\t\t\t\t<\/div>\n\t\t\t\t<\/div>\n\t\t\t\t\t<\/div>\n\t\t<\/div>\n\t\t\t\t\t<\/div>\n\t\t<\/section>\n\t\t\t\t<section class=\"elementor-section elementor-top-section elementor-element elementor-element-1d4934d elementor-section-boxed elementor-section-height-default elementor-section-height-default\" data-id=\"1d4934d\" data-element_type=\"section\">\n\t\t\t\t\t\t\t<div class=\"elementor-background-overlay\"><\/div>\n\t\t\t\t\t\t\t<div class=\"elementor-container elementor-column-gap-default\">\n\t\t\t\t\t<div class=\"elementor-column elementor-col-50 elementor-top-column elementor-element elementor-element-bad9508\" data-id=\"bad9508\" data-element_type=\"column\">\n\t\t\t<div class=\"elementor-widget-wrap elementor-element-populated\">\n\t\t\t\t\t\t<div class=\"elementor-element elementor-element-58ef3e2 elementor-widget elementor-widget-text-editor\" data-id=\"58ef3e2\" data-element_type=\"widget\" data-widget_type=\"text-editor.default\">\n\t\t\t\t<div class=\"elementor-widget-container\">\n\t\t\t\t\t\t\t\t\t<div class=\"et_pb_column et_pb_column_4_4 et_pb_column_0 et_pb_css_mix_blend_mode_passthrough et-last-child\"><div class=\"et_pb_module et_pb_text et_pb_text_0 et_pb_bg_layout_light et_pb_text_align_left\"><div class=\"et_pb_text_inner\"><div class=\"et_pb_row et_pb_row_1\"><div class=\"et_pb_column et_pb_column_4_4 et_pb_column_3 et_pb_css_mix_blend_mode_passthrough et-last-child\"><div class=\"et_pb_module et_pb_text et_pb_text_0 et_pb_bg_layout_light et_pb_text_align_justified\"><div class=\"et_pb_text_inner\"><div id=\"js_7f\" class=\"_3058 _ui9 _hh7 _s1- _52mr _3oh-\" data-tooltip-content=\"20:21\" data-hover=\"tooltip\" data-tooltip-position=\"left\" aria-describedby=\"js_21\"><p style=\"text-align: justify;\"><span style=\"font-size: 14pt; color: #cdad7d;\">Wtedy otwieraj\u0105 si\u0119 jej drzwi do kariery. Dostaje zaproszenia na r\u00f3\u017cne sesje zdj\u0119ciowe, jej wizerunek pojawia si\u0119 w witrynach wielu salon\u00f3w. W ko\u0144cu jej zdj\u0119cie zostaje zamieszczone na jednym z salon\u00f3w sukni \u015blubnych. <\/span><\/p><p style=\"text-align: justify;\"><span style=\"font-size: 14pt; color: #cdad7d;\">Obok sklepu ze zdj\u0119ciem Agnieszki pewnego razu przechodzi 32-letni Jerzy Lisiewski, kt\u00f3ry jest pod wielkim wra\u017ceniem urody m\u0142odej dziewczyny. W p\u00f3\u017aniejszych wywiadach podkre\u015bla, \u017ce w\u00f3wczas si\u0119 w niej zakocha\u0142. <\/span><span style=\"font-size: 14pt; color: #cdad7d;\">M\u0119\u017cczyzna robi wszystko, aby do niej dotrze\u0107.\u00a0<\/span><\/p><\/div><\/div><\/div><\/div><\/div><\/div><\/div><\/div>\t\t\t\t\t\t\t\t<\/div>\n\t\t\t\t<\/div>\n\t\t\t\t<div class=\"elementor-element elementor-element-08905dd elementor-widget elementor-widget-spacer\" data-id=\"08905dd\" data-element_type=\"widget\" data-widget_type=\"spacer.default\">\n\t\t\t\t<div class=\"elementor-widget-container\">\n\t\t\t\t\t\t\t<div class=\"elementor-spacer\">\n\t\t\t<div class=\"elementor-spacer-inner\"><\/div>\n\t\t<\/div>\n\t\t\t\t\t\t<\/div>\n\t\t\t\t<\/div>\n\t\t\t\t\t<\/div>\n\t\t<\/div>\n\t\t\t\t<div class=\"elementor-column elementor-col-50 elementor-top-column elementor-element elementor-element-e76d0d7\" data-id=\"e76d0d7\" data-element_type=\"column\">\n\t\t\t<div class=\"elementor-widget-wrap elementor-element-populated\">\n\t\t\t\t\t\t<div class=\"elementor-element elementor-element-9813ad2 elementor-widget elementor-widget-image\" data-id=\"9813ad2\" data-element_type=\"widget\" data-widget_type=\"image.default\">\n\t\t\t\t<div class=\"elementor-widget-container\">\n\t\t\t\t\t\t\t\t\t\t\t\t\t\t\t<img decoding=\"async\" width=\"403\" height=\"261\" src=\"https:\/\/fundacjaaga.pl\/wp-content\/uploads\/2023\/01\/2.png\" class=\"attachment-large size-large wp-image-5039\" alt=\"Fundacja AGA - Fundacja pami\u0119ci Agnieszki Kotlarskiej\" srcset=\"https:\/\/fundacjaaga.pl\/wp-content\/uploads\/2023\/01\/2.png 403w, https:\/\/fundacjaaga.pl\/wp-content\/uploads\/2023\/01\/2-300x194.png 300w, https:\/\/fundacjaaga.pl\/wp-content\/uploads\/2023\/01\/2-179x116.png 179w\" sizes=\"(max-width: 403px) 100vw, 403px\" \/>\t\t\t\t\t\t\t\t\t\t\t\t\t\t\t<\/div>\n\t\t\t\t<\/div>\n\t\t\t\t\t<\/div>\n\t\t<\/div>\n\t\t\t\t\t<\/div>\n\t\t<\/section>\n\t\t\t\t<section class=\"elementor-section elementor-top-section elementor-element elementor-element-d7d32af elementor-section-boxed elementor-section-height-default elementor-section-height-default\" data-id=\"d7d32af\" data-element_type=\"section\">\n\t\t\t\t\t\t\t<div class=\"elementor-background-overlay\"><\/div>\n\t\t\t\t\t\t\t<div class=\"elementor-container elementor-column-gap-default\">\n\t\t\t\t\t<div class=\"elementor-column elementor-col-100 elementor-top-column elementor-element elementor-element-2cc46d1\" data-id=\"2cc46d1\" data-element_type=\"column\">\n\t\t\t<div class=\"elementor-widget-wrap elementor-element-populated\">\n\t\t\t\t\t\t<div class=\"elementor-element elementor-element-46c1db7 elementor-widget elementor-widget-text-editor\" data-id=\"46c1db7\" data-element_type=\"widget\" data-widget_type=\"text-editor.default\">\n\t\t\t\t<div class=\"elementor-widget-container\">\n\t\t\t\t\t\t\t\t\t<div class=\"et_pb_column et_pb_column_4_4 et_pb_column_0 et_pb_css_mix_blend_mode_passthrough et-last-child\"><div class=\"et_pb_module et_pb_text et_pb_text_0 et_pb_bg_layout_light et_pb_text_align_left\"><div class=\"et_pb_text_inner\"><div class=\"et_pb_row et_pb_row_1\"><div class=\"et_pb_column et_pb_column_4_4 et_pb_column_3 et_pb_css_mix_blend_mode_passthrough et-last-child\"><div class=\"et_pb_module et_pb_text et_pb_text_0 et_pb_bg_layout_light et_pb_text_align_justified\"><div class=\"et_pb_text_inner\"><div id=\"js_7f\" class=\"_3058 _ui9 _hh7 _s1- _52mr _3oh-\" data-tooltip-content=\"20:21\" data-hover=\"tooltip\" data-tooltip-position=\"left\" aria-describedby=\"js_21\"><p style=\"text-align: justify;\"><span style=\"font-size: 14pt;\">Gdy Agnieszka wygra\u0142a konkurs Miss Dolnego \u015al\u0105ska pozna\u0142a starszego o 13 lat Jaros\u0142awa \u015awi\u0105tka, kt\u00f3ry by\u0142 wsp\u00f3\u0142organizatorem konkursu pi\u0119kno\u015bci. Zosta\u0142 on jej mentorem i pom\u00f3g\u0142 rozwija\u0107 karier\u0119 w \u015bwiecie modelingu. Nast\u0119pnym wa\u017cnym sukcesem w karierze Agnieszki by\u0142 konkurs o koron\u0119 Miss Polski. <\/span><\/p><\/div><\/div><\/div><\/div><\/div><\/div><\/div><\/div>\t\t\t\t\t\t\t\t<\/div>\n\t\t\t\t<\/div>\n\t\t\t\t\t<\/div>\n\t\t<\/div>\n\t\t\t\t\t<\/div>\n\t\t<\/section>\n\t\t\t\t<section class=\"elementor-section elementor-top-section elementor-element elementor-element-e5bfc23 elementor-section-boxed elementor-section-height-default elementor-section-height-default\" data-id=\"e5bfc23\" data-element_type=\"section\">\n\t\t\t\t\t\t\t<div class=\"elementor-background-overlay\"><\/div>\n\t\t\t\t\t\t\t<div class=\"elementor-container elementor-column-gap-default\">\n\t\t\t\t\t<div class=\"elementor-column elementor-col-33 elementor-top-column elementor-element elementor-element-f87d0fb\" data-id=\"f87d0fb\" data-element_type=\"column\">\n\t\t\t<div class=\"elementor-widget-wrap elementor-element-populated\">\n\t\t\t\t\t\t<div class=\"elementor-element elementor-element-61a79ef elementor-widget elementor-widget-image\" data-id=\"61a79ef\" data-element_type=\"widget\" data-widget_type=\"image.default\">\n\t\t\t\t<div class=\"elementor-widget-container\">\n\t\t\t\t\t\t\t\t\t\t\t\t\t\t\t<img decoding=\"async\" width=\"610\" height=\"917\" src=\"https:\/\/fundacjaaga.pl\/wp-content\/uploads\/2023\/01\/3.png\" class=\"attachment-large size-large wp-image-5053\" alt=\"Fundacja AGA - Fundacja pami\u0119ci Agnieszki Kotlarskiej\" srcset=\"https:\/\/fundacjaaga.pl\/wp-content\/uploads\/2023\/01\/3.png 610w, https:\/\/fundacjaaga.pl\/wp-content\/uploads\/2023\/01\/3-200x300.png 200w, https:\/\/fundacjaaga.pl\/wp-content\/uploads\/2023\/01\/3-77x116.png 77w\" sizes=\"(max-width: 610px) 100vw, 610px\" \/>\t\t\t\t\t\t\t\t\t\t\t\t\t\t\t<\/div>\n\t\t\t\t<\/div>\n\t\t\t\t\t<\/div>\n\t\t<\/div>\n\t\t\t\t<div class=\"elementor-column elementor-col-33 elementor-top-column elementor-element elementor-element-608267f\" data-id=\"608267f\" data-element_type=\"column\">\n\t\t\t<div class=\"elementor-widget-wrap elementor-element-populated\">\n\t\t\t\t\t\t<div class=\"elementor-element elementor-element-5815f2b elementor-widget elementor-widget-text-editor\" data-id=\"5815f2b\" data-element_type=\"widget\" data-widget_type=\"text-editor.default\">\n\t\t\t\t<div class=\"elementor-widget-container\">\n\t\t\t\t\t\t\t\t\t<div class=\"et_pb_column et_pb_column_4_4 et_pb_column_0 et_pb_css_mix_blend_mode_passthrough et-last-child\"><div class=\"et_pb_module et_pb_text et_pb_text_0 et_pb_bg_layout_light et_pb_text_align_left\"><div class=\"et_pb_text_inner\"><div class=\"et_pb_row et_pb_row_1\"><div class=\"et_pb_column et_pb_column_4_4 et_pb_column_3 et_pb_css_mix_blend_mode_passthrough et-last-child\"><div class=\"et_pb_module et_pb_text et_pb_text_0 et_pb_bg_layout_light et_pb_text_align_justified\"><div class=\"et_pb_text_inner\"><div id=\"js_7f\" class=\"_3058 _ui9 _hh7 _s1- _52mr _3oh-\" data-tooltip-content=\"20:21\" data-hover=\"tooltip\" data-tooltip-position=\"left\" aria-describedby=\"js_21\"><p style=\"text-align: justify;\"><span style=\"font-size: 14pt;\">Jaros\u0142aw r\u00f3wnie\u017c w tym konkursie by\u0142 wsp\u00f3\u0142organizatorem, dlatego para obawiaj\u0105c si\u0119 oskar\u017ce\u0144 o protekcj\u0119, poprosi\u0142a jury aby nie g\u0142osowali na Agnieszk\u0119. Jednak uroda dziewczyny nie mia\u0142a sobie r\u00f3wnych i AGA zwyci\u0119\u017cy\u0142a, zdobywaj\u0105c tytu\u0142 Miss Polski 1991. Nagroda dla finalistki konkursu by\u0142a do\u015b\u0107 niecodzienna, poniewa\u017c by\u0142 to traktor firmy Ursus. Wroc\u0142awianka z powodu braku mo\u017cliwo\u015bci wykorzystania maszyny rolniczej, postanowi\u0142a go odsprzeda\u0107.<\/span><\/p><p style=\"text-align: justify;\"><span style=\"font-size: 14pt;\">Wygrywaj\u0105c konkurs Miss Polski Agnieszka dosta\u0142a szans\u0119 powalczenia o jeszcze bardziej presti\u017cowy tytu\u0142 jakim jest tytu\u0142 Miss International, odbywaj\u0105cy si\u0119 w danym roku w Tokio. <\/span><\/p><\/div><\/div><\/div><\/div><\/div><\/div><\/div><\/div>\t\t\t\t\t\t\t\t<\/div>\n\t\t\t\t<\/div>\n\t\t\t\t\t<\/div>\n\t\t<\/div>\n\t\t\t\t<div class=\"elementor-column elementor-col-33 elementor-top-column elementor-element elementor-element-da883c8\" data-id=\"da883c8\" data-element_type=\"column\">\n\t\t\t<div class=\"elementor-widget-wrap elementor-element-populated\">\n\t\t\t\t\t\t<div class=\"elementor-element elementor-element-15a1c49 elementor-widget elementor-widget-image\" data-id=\"15a1c49\" data-element_type=\"widget\" data-widget_type=\"image.default\">\n\t\t\t\t<div class=\"elementor-widget-container\">\n\t\t\t\t\t\t\t\t\t\t\t\t\t\t\t<img loading=\"lazy\" decoding=\"async\" width=\"610\" height=\"917\" src=\"https:\/\/fundacjaaga.pl\/wp-content\/uploads\/2023\/01\/104-traktor3-1.png\" class=\"attachment-large size-large wp-image-5065\" alt=\"Fundacja AGA - Fundacja pami\u0119ci Agnieszki Kotlarskiej\" srcset=\"https:\/\/fundacjaaga.pl\/wp-content\/uploads\/2023\/01\/104-traktor3-1.png 610w, https:\/\/fundacjaaga.pl\/wp-content\/uploads\/2023\/01\/104-traktor3-1-200x300.png 200w, https:\/\/fundacjaaga.pl\/wp-content\/uploads\/2023\/01\/104-traktor3-1-77x116.png 77w\" sizes=\"(max-width: 610px) 100vw, 610px\" \/>\t\t\t\t\t\t\t\t\t\t\t\t\t\t\t<\/div>\n\t\t\t\t<\/div>\n\t\t\t\t\t<\/div>\n\t\t<\/div>\n\t\t\t\t\t<\/div>\n\t\t<\/section>\n\t\t\t\t<section class=\"elementor-section elementor-top-section elementor-element elementor-element-d750962 elementor-section-boxed elementor-section-height-default elementor-section-height-default\" data-id=\"d750962\" data-element_type=\"section\">\n\t\t\t\t\t\t\t<div class=\"elementor-background-overlay\"><\/div>\n\t\t\t\t\t\t\t<div class=\"elementor-container elementor-column-gap-default\">\n\t\t\t\t\t<div class=\"elementor-column elementor-col-100 elementor-top-column elementor-element elementor-element-a16ef41\" data-id=\"a16ef41\" data-element_type=\"column\">\n\t\t\t<div class=\"elementor-widget-wrap elementor-element-populated\">\n\t\t\t\t\t\t<div class=\"elementor-element elementor-element-1a0ce0d elementor-widget elementor-widget-text-editor\" data-id=\"1a0ce0d\" data-element_type=\"widget\" data-widget_type=\"text-editor.default\">\n\t\t\t\t<div class=\"elementor-widget-container\">\n\t\t\t\t\t\t\t\t\t<div class=\"et_pb_column et_pb_column_4_4 et_pb_column_0 et_pb_css_mix_blend_mode_passthrough et-last-child\"><div class=\"et_pb_module et_pb_text et_pb_text_0 et_pb_bg_layout_light et_pb_text_align_left\"><div class=\"et_pb_text_inner\"><div class=\"et_pb_row et_pb_row_1\"><div class=\"et_pb_column et_pb_column_4_4 et_pb_column_3 et_pb_css_mix_blend_mode_passthrough et-last-child\"><div class=\"et_pb_module et_pb_text et_pb_text_0 et_pb_bg_layout_light et_pb_text_align_justified\"><div class=\"et_pb_text_inner\"><div id=\"js_7f\" class=\"_3058 _ui9 _hh7 _s1- _52mr _3oh-\" data-tooltip-content=\"20:21\" data-hover=\"tooltip\" data-tooltip-position=\"left\" aria-describedby=\"js_21\"><p style=\"text-align: justify;\"><span style=\"font-size: 14pt;\">W konkursie na drugim ko\u0144cu \u015bwiata Agnieszka postanowi\u0142a wyst\u0105pi\u0107 w czarnym kostiumie k\u0105pielowym, blador\u00f3\u017cowej sukni wieczorowej oraz stroju polskiej szlachcianki. Wdzi\u0119k i uroda m\u0142odej Polki zosta\u0142a doceniona i powali\u0142a na kolana juror\u00f3w. W\u0142a\u015bnie wtedy Agnieszka Kotlarska jako pierwsza Polka w historii zdoby\u0142a tytu\u0142 Miss International. Nagrod\u0105 za wygran\u0105 w konkursie by\u0142a korona Miss oraz 15 tys. dolar\u00f3w. Jednak najwa\u017cniejszym rezultatem konkursu by\u0142y kolejne mo\u017cliwo\u015bci, kt\u00f3re pojawi\u0142y si\u0119 przed pi\u0119kn\u0105 Polk\u0105.<\/span><\/p><\/div><\/div><\/div><\/div><\/div><\/div><\/div><\/div>\t\t\t\t\t\t\t\t<\/div>\n\t\t\t\t<\/div>\n\t\t\t\t<div class=\"elementor-element elementor-element-c2552ef elementor-widget elementor-widget-spacer\" data-id=\"c2552ef\" data-element_type=\"widget\" data-widget_type=\"spacer.default\">\n\t\t\t\t<div class=\"elementor-widget-container\">\n\t\t\t\t\t\t\t<div class=\"elementor-spacer\">\n\t\t\t<div class=\"elementor-spacer-inner\"><\/div>\n\t\t<\/div>\n\t\t\t\t\t\t<\/div>\n\t\t\t\t<\/div>\n\t\t\t\t\t<\/div>\n\t\t<\/div>\n\t\t\t\t\t<\/div>\n\t\t<\/section>\n\t\t\t\t<section class=\"elementor-section elementor-top-section elementor-element elementor-element-5717dcf elementor-section-boxed elementor-section-height-default elementor-section-height-default\" data-id=\"5717dcf\" data-element_type=\"section\">\n\t\t\t\t\t\t\t<div class=\"elementor-background-overlay\"><\/div>\n\t\t\t\t\t\t\t<div class=\"elementor-container elementor-column-gap-default\">\n\t\t\t\t\t<div class=\"elementor-column elementor-col-100 elementor-top-column elementor-element elementor-element-68d2ef0\" data-id=\"68d2ef0\" data-element_type=\"column\">\n\t\t\t<div class=\"elementor-widget-wrap elementor-element-populated\">\n\t\t\t\t\t\t<div class=\"elementor-element elementor-element-e4c903e elementor-widget elementor-widget-spacer\" data-id=\"e4c903e\" data-element_type=\"widget\" data-widget_type=\"spacer.default\">\n\t\t\t\t<div class=\"elementor-widget-container\">\n\t\t\t\t\t\t\t<div class=\"elementor-spacer\">\n\t\t\t<div class=\"elementor-spacer-inner\"><\/div>\n\t\t<\/div>\n\t\t\t\t\t\t<\/div>\n\t\t\t\t<\/div>\n\t\t\t\t\t<\/div>\n\t\t<\/div>\n\t\t\t\t\t<\/div>\n\t\t<\/section>\n\t\t\t\t<section class=\"elementor-section elementor-top-section elementor-element elementor-element-dc5e6c5 elementor-section-boxed elementor-section-height-default elementor-section-height-default\" data-id=\"dc5e6c5\" data-element_type=\"section\">\n\t\t\t\t\t\t\t<div class=\"elementor-background-overlay\"><\/div>\n\t\t\t\t\t\t\t<div class=\"elementor-container elementor-column-gap-default\">\n\t\t\t\t\t<div class=\"elementor-column elementor-col-100 elementor-top-column elementor-element elementor-element-4d66824\" data-id=\"4d66824\" data-element_type=\"column\">\n\t\t\t<div class=\"elementor-widget-wrap elementor-element-populated\">\n\t\t\t\t\t\t<div class=\"elementor-element elementor-element-885d9e0 elementor-widget elementor-widget-image\" data-id=\"885d9e0\" data-element_type=\"widget\" data-widget_type=\"image.default\">\n\t\t\t\t<div class=\"elementor-widget-container\">\n\t\t\t\t\t\t\t\t\t\t\t\t\t\t\t<img loading=\"lazy\" decoding=\"async\" width=\"1024\" height=\"224\" src=\"https:\/\/fundacjaaga.pl\/wp-content\/uploads\/2023\/01\/miss-1024x224.png\" class=\"attachment-large size-large wp-image-5094\" alt=\"Fundacja AGA - Fundacja pami\u0119ci Agnieszki Kotlarskiej\" srcset=\"https:\/\/fundacjaaga.pl\/wp-content\/uploads\/2023\/01\/miss-1024x224.png 1024w, https:\/\/fundacjaaga.pl\/wp-content\/uploads\/2023\/01\/miss-300x66.png 300w, https:\/\/fundacjaaga.pl\/wp-content\/uploads\/2023\/01\/miss-768x168.png 768w, https:\/\/fundacjaaga.pl\/wp-content\/uploads\/2023\/01\/miss-1536x335.png 1536w, https:\/\/fundacjaaga.pl\/wp-content\/uploads\/2023\/01\/miss-228x50.png 228w, https:\/\/fundacjaaga.pl\/wp-content\/uploads\/2023\/01\/miss.png 1900w\" sizes=\"(max-width: 1024px) 100vw, 1024px\" \/>\t\t\t\t\t\t\t\t\t\t\t\t\t\t\t<\/div>\n\t\t\t\t<\/div>\n\t\t\t\t\t<\/div>\n\t\t<\/div>\n\t\t\t\t\t<\/div>\n\t\t<\/section>\n\t\t\t\t<section class=\"elementor-section elementor-top-section elementor-element elementor-element-90453e7 elementor-section-boxed elementor-section-height-default elementor-section-height-default\" data-id=\"90453e7\" data-element_type=\"section\">\n\t\t\t\t\t\t\t<div class=\"elementor-background-overlay\"><\/div>\n\t\t\t\t\t\t\t<div class=\"elementor-container elementor-column-gap-default\">\n\t\t\t\t\t<div class=\"elementor-column elementor-col-100 elementor-top-column elementor-element elementor-element-1160339\" data-id=\"1160339\" data-element_type=\"column\">\n\t\t\t<div class=\"elementor-widget-wrap elementor-element-populated\">\n\t\t\t\t\t\t<div class=\"elementor-element elementor-element-e99dcab elementor-widget elementor-widget-text-editor\" data-id=\"e99dcab\" data-element_type=\"widget\" data-widget_type=\"text-editor.default\">\n\t\t\t\t<div class=\"elementor-widget-container\">\n\t\t\t\t\t\t\t\t\t<div class=\"et_pb_column et_pb_column_4_4 et_pb_column_0 et_pb_css_mix_blend_mode_passthrough et-last-child\"><div class=\"et_pb_module et_pb_text et_pb_text_0 et_pb_bg_layout_light et_pb_text_align_left\"><div class=\"et_pb_text_inner\"><div class=\"et_pb_row et_pb_row_1\"><div class=\"et_pb_column et_pb_column_4_4 et_pb_column_3 et_pb_css_mix_blend_mode_passthrough et-last-child\"><div class=\"et_pb_module et_pb_text et_pb_text_0 et_pb_bg_layout_light et_pb_text_align_justified\"><div class=\"et_pb_text_inner\"><div id=\"js_7f\" class=\"_3058 _ui9 _hh7 _s1- _52mr _3oh-\" data-tooltip-content=\"20:21\" data-hover=\"tooltip\" data-tooltip-position=\"left\" aria-describedby=\"js_21\"><p style=\"text-align: justify;\"><span style=\"font-size: 14pt;\">Na Agnieszk\u0119 czeka\u0142a mi\u0119dzynarodowa kariera. Najwi\u0119ksi projektanci z ca\u0142ego \u015bwiata byli zauroczeni jej urod\u0105 co skutkowa\u0142o propozycjami wsp\u00f3\u0142pracy dom\u00f3w mody z Mediolanu, Nowego Jorku czy Pary\u017ca.<\/span><\/p><p style=\"text-align: justify;\"><span style=\"font-size: 14pt;\">R\u00f3wnie\u017c wtedy zauwa\u017cy\u0142 j\u0105 \u015bwiatowej s\u0142awy projektant Ralph Lauren i zaproponowa\u0142 wsp\u00f3\u0142prac\u0119. Urzeczony jej urod\u0105, wyr\u00f3\u017cni\u0142 Agnieszk\u0119 na jednym ze swoich pokaz\u00f3w mody wr\u0119czaj\u0105c jej wielki bukiet rzadkich r\u00f3\u017c, specjalnie sprowadzanych samolotem z drugiego ko\u0144ca \u015bwiata, \u017ceby by\u0142y \u015bwie\u017ce i pi\u0119kne. Kolejnym projektantem z kt\u00f3rym wsp\u00f3\u0142pracowa\u0142a Agnieszka by\u0142 Calvin Klein, a jej zdj\u0119cia pojawi\u0142y si\u0119 w presti\u017cowych, mi\u0119dzynarodowych czasopismach takich jak \u201eVogue&#8221; czy &#8222;Cosmopolitan&#8221;.<\/span><\/p><\/div><\/div><\/div><\/div><\/div><\/div><\/div><\/div>\t\t\t\t\t\t\t\t<\/div>\n\t\t\t\t<\/div>\n\t\t\t\t\t<\/div>\n\t\t<\/div>\n\t\t\t\t\t<\/div>\n\t\t<\/section>\n\t\t\t\t<section class=\"elementor-section elementor-top-section elementor-element elementor-element-038fa3d elementor-section-boxed elementor-section-height-default elementor-section-height-default\" data-id=\"038fa3d\" data-element_type=\"section\">\n\t\t\t\t\t\t\t<div class=\"elementor-background-overlay\"><\/div>\n\t\t\t\t\t\t\t<div class=\"elementor-container elementor-column-gap-default\">\n\t\t\t\t\t<div class=\"elementor-column elementor-col-100 elementor-top-column elementor-element elementor-element-b134db6\" data-id=\"b134db6\" data-element_type=\"column\">\n\t\t\t<div class=\"elementor-widget-wrap elementor-element-populated\">\n\t\t\t\t\t\t<div class=\"elementor-element elementor-element-25460af elementor-widget elementor-widget-spacer\" data-id=\"25460af\" data-element_type=\"widget\" data-widget_type=\"spacer.default\">\n\t\t\t\t<div class=\"elementor-widget-container\">\n\t\t\t\t\t\t\t<div class=\"elementor-spacer\">\n\t\t\t<div class=\"elementor-spacer-inner\"><\/div>\n\t\t<\/div>\n\t\t\t\t\t\t<\/div>\n\t\t\t\t<\/div>\n\t\t\t\t\t<\/div>\n\t\t<\/div>\n\t\t\t\t\t<\/div>\n\t\t<\/section>\n\t\t\t\t<section class=\"elementor-section elementor-top-section elementor-element elementor-element-9f407e0 elementor-section-boxed elementor-section-height-default elementor-section-height-default\" data-id=\"9f407e0\" data-element_type=\"section\">\n\t\t\t\t\t\t\t<div class=\"elementor-background-overlay\"><\/div>\n\t\t\t\t\t\t\t<div class=\"elementor-container elementor-column-gap-default\">\n\t\t\t\t\t<div class=\"elementor-column elementor-col-100 elementor-top-column elementor-element elementor-element-5f98d63\" data-id=\"5f98d63\" data-element_type=\"column\">\n\t\t\t<div class=\"elementor-widget-wrap elementor-element-populated\">\n\t\t\t\t\t\t<div class=\"elementor-element elementor-element-eff22e5 elementor-arrows-position-inside elementor-widget elementor-widget-image-carousel\" data-id=\"eff22e5\" data-element_type=\"widget\" data-settings=\"{&quot;slides_to_show&quot;:&quot;5&quot;,&quot;navigation&quot;:&quot;arrows&quot;,&quot;autoplay&quot;:&quot;yes&quot;,&quot;pause_on_hover&quot;:&quot;yes&quot;,&quot;pause_on_interaction&quot;:&quot;yes&quot;,&quot;autoplay_speed&quot;:5000,&quot;infinite&quot;:&quot;yes&quot;,&quot;speed&quot;:500}\" data-widget_type=\"image-carousel.default\">\n\t\t\t\t<div class=\"elementor-widget-container\">\n\t\t\t\t\t\t\t<div class=\"elementor-image-carousel-wrapper swiper\" role=\"region\" aria-roledescription=\"carousel\" aria-label=\"Karuzela obrazk\u00f3w\" dir=\"ltr\">\n\t\t\t<div class=\"elementor-image-carousel swiper-wrapper\" aria-live=\"off\">\n\t\t\t\t\t\t\t\t<div class=\"swiper-slide\" role=\"group\" aria-roledescription=\"slide\" aria-label=\"1 z 14\"><figure class=\"swiper-slide-inner\"><img decoding=\"async\" class=\"swiper-slide-image\" src=\"https:\/\/fundacjaaga.pl\/wp-content\/uploads\/2023\/01\/1-2.png\" alt=\"Fundacja AGA - Fundacja pami\u0119ci Agnieszki Kotlarskiej\" \/><\/figure><\/div><div class=\"swiper-slide\" role=\"group\" aria-roledescription=\"slide\" aria-label=\"2 z 14\"><figure class=\"swiper-slide-inner\"><img decoding=\"async\" class=\"swiper-slide-image\" src=\"https:\/\/fundacjaaga.pl\/wp-content\/uploads\/2023\/01\/2-1.png\" alt=\"Fundacja AGA - Fundacja pami\u0119ci Agnieszki Kotlarskiej\" \/><\/figure><\/div><div class=\"swiper-slide\" role=\"group\" aria-roledescription=\"slide\" aria-label=\"3 z 14\"><figure class=\"swiper-slide-inner\"><img decoding=\"async\" class=\"swiper-slide-image\" src=\"https:\/\/fundacjaaga.pl\/wp-content\/uploads\/2023\/01\/3-1.png\" alt=\"Fundacja AGA - Fundacja pami\u0119ci Agnieszki Kotlarskiej\" \/><\/figure><\/div><div class=\"swiper-slide\" role=\"group\" aria-roledescription=\"slide\" aria-label=\"4 z 14\"><figure class=\"swiper-slide-inner\"><img decoding=\"async\" class=\"swiper-slide-image\" src=\"https:\/\/fundacjaaga.pl\/wp-content\/uploads\/2023\/01\/4.png\" alt=\"Fundacja AGA - Fundacja pami\u0119ci Agnieszki Kotlarskiej\" \/><\/figure><\/div><div class=\"swiper-slide\" role=\"group\" aria-roledescription=\"slide\" aria-label=\"5 z 14\"><figure class=\"swiper-slide-inner\"><img decoding=\"async\" class=\"swiper-slide-image\" src=\"https:\/\/fundacjaaga.pl\/wp-content\/uploads\/2023\/01\/5.png\" alt=\"Fundacja AGA - Fundacja pami\u0119ci Agnieszki Kotlarskiej\" \/><\/figure><\/div><div class=\"swiper-slide\" role=\"group\" aria-roledescription=\"slide\" aria-label=\"6 z 14\"><figure class=\"swiper-slide-inner\"><img decoding=\"async\" class=\"swiper-slide-image\" src=\"https:\/\/fundacjaaga.pl\/wp-content\/uploads\/2023\/01\/6.png\" alt=\"Fundacja AGA - Fundacja pami\u0119ci Agnieszki Kotlarskiej\" \/><\/figure><\/div><div class=\"swiper-slide\" role=\"group\" aria-roledescription=\"slide\" aria-label=\"7 z 14\"><figure class=\"swiper-slide-inner\"><img decoding=\"async\" class=\"swiper-slide-image\" src=\"https:\/\/fundacjaaga.pl\/wp-content\/uploads\/2023\/01\/7.png\" alt=\"Fundacja AGA - Fundacja pami\u0119ci Agnieszki Kotlarskiej\" \/><\/figure><\/div><div class=\"swiper-slide\" role=\"group\" aria-roledescription=\"slide\" aria-label=\"8 z 14\"><figure class=\"swiper-slide-inner\"><img decoding=\"async\" class=\"swiper-slide-image\" src=\"https:\/\/fundacjaaga.pl\/wp-content\/uploads\/2023\/01\/8.png\" alt=\"Fundacja AGA - Fundacja pami\u0119ci Agnieszki Kotlarskiej\" \/><\/figure><\/div><div class=\"swiper-slide\" role=\"group\" aria-roledescription=\"slide\" aria-label=\"9 z 14\"><figure class=\"swiper-slide-inner\"><img decoding=\"async\" class=\"swiper-slide-image\" src=\"https:\/\/fundacjaaga.pl\/wp-content\/uploads\/2023\/01\/9.png\" alt=\"Fundacja AGA - Fundacja pami\u0119ci Agnieszki Kotlarskiej\" \/><\/figure><\/div><div class=\"swiper-slide\" role=\"group\" aria-roledescription=\"slide\" aria-label=\"10 z 14\"><figure class=\"swiper-slide-inner\"><img decoding=\"async\" class=\"swiper-slide-image\" src=\"https:\/\/fundacjaaga.pl\/wp-content\/uploads\/2023\/01\/10.png\" alt=\"Fundacja AGA - Fundacja pami\u0119ci Agnieszki Kotlarskiej\" \/><\/figure><\/div><div class=\"swiper-slide\" role=\"group\" aria-roledescription=\"slide\" aria-label=\"11 z 14\"><figure class=\"swiper-slide-inner\"><img decoding=\"async\" class=\"swiper-slide-image\" src=\"https:\/\/fundacjaaga.pl\/wp-content\/uploads\/2023\/01\/11.png\" alt=\"Fundacja AGA - Fundacja pami\u0119ci Agnieszki Kotlarskiej\" \/><\/figure><\/div><div class=\"swiper-slide\" role=\"group\" aria-roledescription=\"slide\" aria-label=\"12 z 14\"><figure class=\"swiper-slide-inner\"><img decoding=\"async\" class=\"swiper-slide-image\" src=\"https:\/\/fundacjaaga.pl\/wp-content\/uploads\/2023\/01\/12.png\" alt=\"Fundacja AGA - Fundacja pami\u0119ci Agnieszki Kotlarskiej\" \/><\/figure><\/div><div class=\"swiper-slide\" role=\"group\" aria-roledescription=\"slide\" aria-label=\"13 z 14\"><figure class=\"swiper-slide-inner\"><img decoding=\"async\" class=\"swiper-slide-image\" src=\"https:\/\/fundacjaaga.pl\/wp-content\/uploads\/2023\/01\/13.png\" alt=\"Fundacja AGA - Fundacja pami\u0119ci Agnieszki Kotlarskiej\" \/><\/figure><\/div><div class=\"swiper-slide\" role=\"group\" aria-roledescription=\"slide\" aria-label=\"14 z 14\"><figure class=\"swiper-slide-inner\"><img decoding=\"async\" class=\"swiper-slide-image\" src=\"https:\/\/fundacjaaga.pl\/wp-content\/uploads\/2023\/01\/14.png\" alt=\"Fundacja AGA - Fundacja pami\u0119ci Agnieszki Kotlarskiej\" \/><\/figure><\/div>\t\t\t<\/div>\n\t\t\t\t\t\t\t\t\t\t\t\t<div class=\"elementor-swiper-button elementor-swiper-button-prev\" role=\"button\" tabindex=\"0\">\n\t\t\t\t\t\t<i aria-hidden=\"true\" class=\"eicon-chevron-left\"><\/i>\t\t\t\t\t<\/div>\n\t\t\t\t\t<div class=\"elementor-swiper-button elementor-swiper-button-next\" role=\"button\" tabindex=\"0\">\n\t\t\t\t\t\t<i aria-hidden=\"true\" class=\"eicon-chevron-right\"><\/i>\t\t\t\t\t<\/div>\n\t\t\t\t\n\t\t\t\t\t\t\t\t\t<\/div>\n\t\t\t\t\t\t<\/div>\n\t\t\t\t<\/div>\n\t\t\t\t\t<\/div>\n\t\t<\/div>\n\t\t\t\t\t<\/div>\n\t\t<\/section>\n\t\t\t\t<section class=\"elementor-section elementor-top-section elementor-element elementor-element-4e73e5a elementor-section-boxed elementor-section-height-default elementor-section-height-default\" data-id=\"4e73e5a\" data-element_type=\"section\">\n\t\t\t\t\t\t\t<div class=\"elementor-background-overlay\"><\/div>\n\t\t\t\t\t\t\t<div class=\"elementor-container elementor-column-gap-default\">\n\t\t\t\t\t<div class=\"elementor-column elementor-col-100 elementor-top-column elementor-element elementor-element-717e0c1\" data-id=\"717e0c1\" data-element_type=\"column\">\n\t\t\t<div class=\"elementor-widget-wrap elementor-element-populated\">\n\t\t\t\t\t\t<div class=\"elementor-element elementor-element-538a82d elementor-widget elementor-widget-text-editor\" data-id=\"538a82d\" data-element_type=\"widget\" data-widget_type=\"text-editor.default\">\n\t\t\t\t<div class=\"elementor-widget-container\">\n\t\t\t\t\t\t\t\t\t<div class=\"et_pb_column et_pb_column_4_4 et_pb_column_0 et_pb_css_mix_blend_mode_passthrough et-last-child\"><div class=\"et_pb_module et_pb_text et_pb_text_0 et_pb_bg_layout_light et_pb_text_align_left\"><div class=\"et_pb_text_inner\"><div class=\"et_pb_row et_pb_row_1\"><div class=\"et_pb_column et_pb_column_4_4 et_pb_column_3 et_pb_css_mix_blend_mode_passthrough et-last-child\"><div class=\"et_pb_module et_pb_text et_pb_text_0 et_pb_bg_layout_light et_pb_text_align_justified\"><div class=\"et_pb_text_inner\"><div id=\"js_7f\" class=\"_3058 _ui9 _hh7 _s1- _52mr _3oh-\" data-tooltip-content=\"20:21\" data-hover=\"tooltip\" data-tooltip-position=\"left\" aria-describedby=\"js_21\"><p style=\"text-align: justify;\"><span style=\"font-size: 14pt;\">W latach 1991-1992 Agnieszka zamieszka\u0142a w Stanach Zjednoczonych realizuj\u0105c tym sw\u00f3j Ameryka\u0144ski Sen. W tym czasie chodzi\u0142a po najwi\u0119kszych wybiegach \u015bwiata i bra\u0142a udzia\u0142 w sesjach zdj\u0119ciowych dla luksusowych marek znanych na ca\u0142ym \u015bwiecie. U boku Agnieszki ca\u0142y czas trwa\u0142 jej narzeczony Jaros\u0142aw i czuwa\u0142 nad jej karier\u0105. <\/span><\/p><\/div><\/div><\/div><\/div><\/div><\/div><\/div><\/div>\t\t\t\t\t\t\t\t<\/div>\n\t\t\t\t<\/div>\n\t\t\t\t\t<\/div>\n\t\t<\/div>\n\t\t\t\t\t<\/div>\n\t\t<\/section>\n\t\t\t\t<section class=\"elementor-section elementor-top-section elementor-element elementor-element-5de0b21 elementor-section-boxed elementor-section-height-default elementor-section-height-default\" data-id=\"5de0b21\" data-element_type=\"section\">\n\t\t\t\t\t\t\t<div class=\"elementor-background-overlay\"><\/div>\n\t\t\t\t\t\t\t<div class=\"elementor-container elementor-column-gap-default\">\n\t\t\t\t\t<div class=\"elementor-column elementor-col-100 elementor-top-column elementor-element elementor-element-4460d14\" data-id=\"4460d14\" data-element_type=\"column\">\n\t\t\t<div class=\"elementor-widget-wrap elementor-element-populated\">\n\t\t\t\t\t\t<div class=\"elementor-element elementor-element-ea4bd71 elementor-widget elementor-widget-image\" data-id=\"ea4bd71\" data-element_type=\"widget\" data-widget_type=\"image.default\">\n\t\t\t\t<div class=\"elementor-widget-container\">\n\t\t\t\t\t\t\t\t\t\t\t\t\t\t\t<img loading=\"lazy\" decoding=\"async\" width=\"1024\" height=\"240\" src=\"https:\/\/fundacjaaga.pl\/wp-content\/uploads\/2023\/01\/LR-listwa-1024x240.png\" class=\"attachment-large size-large wp-image-5181\" alt=\"Fundacja AGA - Fundacja pami\u0119ci Agnieszki Kotlarskiej\" srcset=\"https:\/\/fundacjaaga.pl\/wp-content\/uploads\/2023\/01\/LR-listwa-1024x240.png 1024w, https:\/\/fundacjaaga.pl\/wp-content\/uploads\/2023\/01\/LR-listwa-300x70.png 300w, https:\/\/fundacjaaga.pl\/wp-content\/uploads\/2023\/01\/LR-listwa-768x180.png 768w, https:\/\/fundacjaaga.pl\/wp-content\/uploads\/2023\/01\/LR-listwa-1536x360.png 1536w, https:\/\/fundacjaaga.pl\/wp-content\/uploads\/2023\/01\/LR-listwa-228x53.png 228w, https:\/\/fundacjaaga.pl\/wp-content\/uploads\/2023\/01\/LR-listwa.png 1696w\" sizes=\"(max-width: 1024px) 100vw, 1024px\" \/>\t\t\t\t\t\t\t\t\t\t\t\t\t\t\t<\/div>\n\t\t\t\t<\/div>\n\t\t\t\t\t<\/div>\n\t\t<\/div>\n\t\t\t\t\t<\/div>\n\t\t<\/section>\n\t\t\t\t<section class=\"elementor-section elementor-top-section elementor-element elementor-element-74b65bc elementor-section-boxed elementor-section-height-default elementor-section-height-default\" data-id=\"74b65bc\" data-element_type=\"section\">\n\t\t\t\t\t\t\t<div class=\"elementor-background-overlay\"><\/div>\n\t\t\t\t\t\t\t<div class=\"elementor-container elementor-column-gap-default\">\n\t\t\t\t\t<div class=\"elementor-column elementor-col-50 elementor-top-column elementor-element elementor-element-a42db1f\" data-id=\"a42db1f\" data-element_type=\"column\">\n\t\t\t<div class=\"elementor-widget-wrap elementor-element-populated\">\n\t\t\t\t\t\t<div class=\"elementor-element elementor-element-e3aa6c6 elementor-widget elementor-widget-text-editor\" data-id=\"e3aa6c6\" data-element_type=\"widget\" data-widget_type=\"text-editor.default\">\n\t\t\t\t<div class=\"elementor-widget-container\">\n\t\t\t\t\t\t\t\t\t<div class=\"et_pb_column et_pb_column_4_4 et_pb_column_0 et_pb_css_mix_blend_mode_passthrough et-last-child\"><div class=\"et_pb_module et_pb_text et_pb_text_0 et_pb_bg_layout_light et_pb_text_align_left\"><div class=\"et_pb_text_inner\"><div class=\"et_pb_row et_pb_row_1\"><div class=\"et_pb_column et_pb_column_4_4 et_pb_column_3 et_pb_css_mix_blend_mode_passthrough et-last-child\"><div class=\"et_pb_module et_pb_text et_pb_text_0 et_pb_bg_layout_light et_pb_text_align_justified\"><div class=\"et_pb_text_inner\"><div id=\"js_7f\" class=\"_3058 _ui9 _hh7 _s1- _52mr _3oh-\" data-tooltip-content=\"20:21\" data-hover=\"tooltip\" data-tooltip-position=\"left\" aria-describedby=\"js_21\"><p style=\"text-align: justify;\"><span style=\"font-size: 14pt;\">Zakochana para postanowi\u0142a si\u0119 pobra\u0107. \u015alub odby\u0142 si\u0119 w Nowym Jorku, a w 1994 roku, para szcz\u0119\u015bliwie spodziewa\u0142a si\u0119 dziecka. 21-letnia modelka by\u0142a wtedy u szczytu kariery, dlatego szefowie agencji modelingowej namawiali j\u0105 na zabieg aborcji. Swoj\u0105 sugesti\u0119 t\u0142umaczyli obaw\u0105 przed tym, \u017ce dziecko mo\u017ce zniszczy\u0107 jej karier\u0119. Agnieszka jednak stanowczo odm\u00f3wi\u0142a pracuj\u0105c jako modelka jeszcze do pi\u0105tego miesi\u0105ca ci\u0105\u017cy. W grudniu 1994 roku szcz\u0119\u015bliwa para przywita\u0142a na \u015bwiecie zdrow\u0105 c\u00f3reczk\u0119, dali jej na imi\u0119 Patrycja. Mimo obaw, macierzy\u0144stwo nie zrujnowa\u0142o Agnieszce kariery, bo ju\u017c na wiosn\u0119, wr\u00f3ci\u0142a do \u017cycia zawodowego i polecia\u0142a do USA. M\u00f3wiono nawet, \u017ce podczas ci\u0105\u017cy AGA jeszcze bardziej wypi\u0119knia\u0142a. <\/span><\/p><\/div><\/div><\/div><\/div><\/div><\/div><\/div><\/div>\t\t\t\t\t\t\t\t<\/div>\n\t\t\t\t<\/div>\n\t\t\t\t\t<\/div>\n\t\t<\/div>\n\t\t\t\t<div class=\"elementor-column elementor-col-50 elementor-top-column elementor-element elementor-element-cfda562\" data-id=\"cfda562\" data-element_type=\"column\">\n\t\t\t<div class=\"elementor-widget-wrap elementor-element-populated\">\n\t\t\t\t\t\t<div class=\"elementor-element elementor-element-82734cc elementor-widget elementor-widget-image\" data-id=\"82734cc\" data-element_type=\"widget\" data-widget_type=\"image.default\">\n\t\t\t\t<div class=\"elementor-widget-container\">\n\t\t\t\t\t\t\t\t\t\t\t\t\t\t\t<img loading=\"lazy\" decoding=\"async\" width=\"501\" height=\"334\" src=\"https:\/\/fundacjaaga.pl\/wp-content\/uploads\/2023\/01\/rodzina.png\" class=\"attachment-large size-large wp-image-5225\" alt=\"Fundacja AGA - Fundacja pami\u0119ci Agnieszki Kotlarskiej\" srcset=\"https:\/\/fundacjaaga.pl\/wp-content\/uploads\/2023\/01\/rodzina.png 501w, https:\/\/fundacjaaga.pl\/wp-content\/uploads\/2023\/01\/rodzina-300x200.png 300w, https:\/\/fundacjaaga.pl\/wp-content\/uploads\/2023\/01\/rodzina-174x116.png 174w\" sizes=\"(max-width: 501px) 100vw, 501px\" \/>\t\t\t\t\t\t\t\t\t\t\t\t\t\t\t<\/div>\n\t\t\t\t<\/div>\n\t\t\t\t\t<\/div>\n\t\t<\/div>\n\t\t\t\t\t<\/div>\n\t\t<\/section>\n\t\t\t\t<section class=\"elementor-section elementor-top-section elementor-element elementor-element-ef96818 elementor-section-boxed elementor-section-height-default elementor-section-height-default\" data-id=\"ef96818\" data-element_type=\"section\">\n\t\t\t\t\t\t\t<div class=\"elementor-background-overlay\"><\/div>\n\t\t\t\t\t\t\t<div class=\"elementor-container elementor-column-gap-default\">\n\t\t\t\t\t<div class=\"elementor-column elementor-col-100 elementor-top-column elementor-element elementor-element-0b848a1\" data-id=\"0b848a1\" data-element_type=\"column\">\n\t\t\t<div class=\"elementor-widget-wrap elementor-element-populated\">\n\t\t\t\t\t\t<div class=\"elementor-element elementor-element-077627c elementor-widget elementor-widget-text-editor\" data-id=\"077627c\" data-element_type=\"widget\" data-widget_type=\"text-editor.default\">\n\t\t\t\t<div class=\"elementor-widget-container\">\n\t\t\t\t\t\t\t\t\t<div class=\"et_pb_column et_pb_column_4_4 et_pb_column_0 et_pb_css_mix_blend_mode_passthrough et-last-child\"><div class=\"et_pb_module et_pb_text et_pb_text_0 et_pb_bg_layout_light et_pb_text_align_left\"><div class=\"et_pb_text_inner\"><div class=\"et_pb_row et_pb_row_1\"><div class=\"et_pb_column et_pb_column_4_4 et_pb_column_3 et_pb_css_mix_blend_mode_passthrough et-last-child\"><div class=\"et_pb_module et_pb_text et_pb_text_0 et_pb_bg_layout_light et_pb_text_align_justified\"><div class=\"et_pb_text_inner\"><div id=\"js_7f\" class=\"_3058 _ui9 _hh7 _s1- _52mr _3oh-\" data-tooltip-content=\"20:21\" data-hover=\"tooltip\" data-tooltip-position=\"left\" aria-describedby=\"js_21\"><p style=\"text-align: justify;\"><span style=\"font-size: 14pt;\">W lipcu 1996 roku Agnieszka dosta\u0142a zaproszenie na sesj\u0119 zdj\u0119ciow\u0105 w Pary\u017cu. Przebywaj\u0105c wtedy, z rodzin\u0105, w Polce Agnieszka stwierdzi\u0142a, \u017ce najpierw poleci do Nowego Jorku spotka\u0107 si\u0119 z ekip\u0105 zdj\u0119ciow\u0105, a dopiero potem wsp\u00f3lnie z nimi poleci do Pary\u017ca. Jednak pod namowami m\u0119\u017ca AGA postanawia zosta\u0107 d\u0142u\u017cej z rodzin\u0105 w domu i polecie\u0107 do Pary\u017ca z Polski. 17 lipca 1996 roku, podczas gdy Agnieszka pakowa\u0142a si\u0119 na wyjazd do Pary\u017ca, \u015bwiat obieg\u0142a informacja, \u017ce samolot TWA800, kt\u00f3rym kobieta pierwotnie mia\u0142a lecie\u0107 z Nowego Jorku, rozbi\u0142 si\u0119 tu\u017c po starcie przy Long Island. Wszyscy z 230 os\u00f3b b\u0119d\u0105cych na pok\u0142adzie zgin\u0119li, w tym ca\u0142a ekipa, z kt\u00f3r\u0105 mia\u0142a mie\u0107 sesj\u0119 zdj\u0119ciow\u0105. Lokalne media pisz\u0105c o zdarzeniu stwierdzi\u0142y, \u017ce Agnieszka oszuka\u0142a przeznaczenie i wygra\u0142a nowe \u017cycie. Lecz nie by\u0142o to tak pi\u0119kne jakby si\u0119 mog\u0142o wydawa\u0107, poniewa\u017c to w\u0142a\u015bnie to wydarzenie po\u015brednio zadecydowa\u0142o, \u017ce p\u00f3\u017aniej zgin\u0119\u0142a z r\u0105k psychofana.<\/span><\/p><p style=\"text-align: justify;\"><span style=\"font-size: 14pt;\">Informacj\u0119 o katastrofie samolotu, kt\u00f3rym mia\u0142a lecie\u0107, przeczyta\u0142 tak\u017ce Jerzy Lisiewski. M\u0119\u017cczyzna, kt\u00f3ry ju\u017c po wygraniu przez Agnieszk\u0119 Miss Dolnego \u015al\u0105ska, wpad\u0142 w obsesj\u0119 na jej punkcie. Kilkukrotne w przesz\u0142o\u015bci pr\u00f3bowa\u0142 si\u0119 z ni\u0105 skontaktowa\u0107, ale bez wzajemno\u015bci. Agnieszka nie chcia\u0142a mie\u0107 z tym m\u0119\u017cczyzn\u0105 nic wsp\u00f3lnego. Przez wszystkie lata Jerzy \u015bledzi\u0142 karier\u0119 m\u0142odej Miss, cz\u0119\u015bciowo godz\u0105c si\u0119, \u017ce nigdy ju\u017c jej nie spotka. Jednak gdy us\u0142ysza\u0142 o zdarzeniu, postanawia ponownie si\u0119 z ni\u0105 skontaktowa\u0107. Zdoby\u0142 on numer telefonu Agnieszki. Dziewczyna odbieraj\u0105c dzwoni\u0105cy telefon nie spodziewa\u0142a si\u0119, \u017ce to w\u0142a\u015bnie on do niej dzwoni. Gdy m\u00f3wi on jej s\u0142owa \u201ezmarnowa\u0142a\u015b mi \u017cycie \u2026\u201d kobieta jest przera\u017cona.<\/span><\/p><p style=\"text-align: justify;\"><span style=\"font-size: 14pt;\">W tamtym czasie Agnieszka mieszka\u0142a z rodzin\u0105 w Polsce w domku na wroc\u0142awskich Ma\u015blicach. Po wcze\u015bniejszym zdobyciu jej adresu, 27 sierpnia 1996 roku Lisiewski podjecha\u0142 pod dom kobiety. Id\u0105c chodnikiem, zauwa\u017cy\u0142 wsiadaj\u0105c\u0105 modelk\u0119 do auta, by\u0142 z ni\u0105 m\u0105\u017c oraz 2,5 letni\u0105 c\u00f3reczka. Podbieg\u0142 do samochodu i zach\u0119ci\u0142 j\u0105 aby wysiad\u0142a i z nim porozmawia\u0142a. Agnieszka rozpozna\u0142a Jerzego i przestraszona postanowi\u0142a zosta\u0107 w samochodzie, gdzie czu\u0142a si\u0119 bezpieczniej. Jerzy widz\u0105c up\u00f3r kobiety, z ca\u0142ej si\u0142y uderzy\u0142 r\u0119k\u0105 w szyb\u0119 samochodu. To zachowanie zdenerwowa\u0142o m\u0119\u017ca kobiety, kt\u00f3ry wysiad\u0142 z samochodu aby uspokoi\u0107 intruza. Jaros\u0142aw grozi\u0142 mu, \u017ce wezwie policj\u0119. Rozw\u015bcieczony Lisiewski wyci\u0105gn\u0105\u0142 z kieszeni n\u00f3\u017c i rzuci\u0142 si\u0119 na Jaros\u0142awa godz\u0105c go w udo. Widz\u0105c zaistnia\u0142\u0105 sytuacj\u0119 przestraszona Agnieszka wyskoczy\u0142a z aby pom\u00f3c m\u0119\u017cowi. Chc\u0105c go obezw\u0142adni\u0107 wskoczy\u0142a mu na plecy, ale on okaza\u0142 si\u0119 silniejszy, zrzuci\u0142 j\u0105, obr\u00f3ci\u0142 si\u0119 i zada\u0142 kilka \u015bmiertelnych pchni\u0119\u0107 no\u017cem w klatk\u0119 piersiow\u0105 dziewczyny. Jaros\u0142aw pr\u00f3bowa\u0142 pom\u00f3c upadaj\u0105cej na chodnik Agnieszce, chwil\u0119 po zdarzeniu przyby\u0142, wezwany przez s\u0105siad\u00f3w kt\u00f3rzy, widzieli to zdarzenie, lekarz i pr\u00f3buje ratowa\u0107 dziewczyn\u0119. Niestety jest ju\u017c za p\u00f3\u017ano. Agnieszka Kotlarska po kilku minutach umiera. Ma\u0142a Patrycja, c\u00f3reczka Agnieszki i Jaros\u0142awa siedzia\u0142a wtedy w samochodzie b\u0119d\u0105c \u015bwiadkiem \u015bmierci swojej mamy.<\/span><\/p><\/div><\/div><\/div><\/div><\/div><\/div><\/div><\/div>\t\t\t\t\t\t\t\t<\/div>\n\t\t\t\t<\/div>\n\t\t\t\t\t<\/div>\n\t\t<\/div>\n\t\t\t\t\t<\/div>\n\t\t<\/section>\n\t\t\t\t<section class=\"elementor-section elementor-top-section elementor-element elementor-element-0ed0ee3 elementor-section-boxed elementor-section-height-default elementor-section-height-default\" data-id=\"0ed0ee3\" data-element_type=\"section\">\n\t\t\t\t\t\t\t<div class=\"elementor-background-overlay\"><\/div>\n\t\t\t\t\t\t\t<div class=\"elementor-container elementor-column-gap-default\">\n\t\t\t\t\t<div class=\"elementor-column elementor-col-100 elementor-top-column elementor-element elementor-element-0c3a1a2\" data-id=\"0c3a1a2\" data-element_type=\"column\">\n\t\t\t<div class=\"elementor-widget-wrap elementor-element-populated\">\n\t\t\t\t\t\t<div class=\"elementor-element elementor-element-45ee0cd elementor-widget elementor-widget-image\" data-id=\"45ee0cd\" data-element_type=\"widget\" data-widget_type=\"image.default\">\n\t\t\t\t<div class=\"elementor-widget-container\">\n\t\t\t\t\t\t\t\t\t\t\t\t\t\t\t<img loading=\"lazy\" decoding=\"async\" width=\"1024\" height=\"223\" src=\"https:\/\/fundacjaaga.pl\/wp-content\/uploads\/2023\/01\/pogrzeb-1024x223.png\" class=\"attachment-large size-large wp-image-5268\" alt=\"Fundacja AGA - Fundacja pami\u0119ci Agnieszki Kotlarskiej\" srcset=\"https:\/\/fundacjaaga.pl\/wp-content\/uploads\/2023\/01\/pogrzeb-1024x223.png 1024w, https:\/\/fundacjaaga.pl\/wp-content\/uploads\/2023\/01\/pogrzeb-300x65.png 300w, https:\/\/fundacjaaga.pl\/wp-content\/uploads\/2023\/01\/pogrzeb-768x167.png 768w, https:\/\/fundacjaaga.pl\/wp-content\/uploads\/2023\/01\/pogrzeb-228x50.png 228w, https:\/\/fundacjaaga.pl\/wp-content\/uploads\/2023\/01\/pogrzeb.png 1536w\" sizes=\"(max-width: 1024px) 100vw, 1024px\" \/>\t\t\t\t\t\t\t\t\t\t\t\t\t\t\t<\/div>\n\t\t\t\t<\/div>\n\t\t\t\t\t<\/div>\n\t\t<\/div>\n\t\t\t\t\t<\/div>\n\t\t<\/section>\n\t\t\t\t<section class=\"elementor-section elementor-top-section elementor-element elementor-element-25aaef6 elementor-section-boxed elementor-section-height-default elementor-section-height-default\" data-id=\"25aaef6\" data-element_type=\"section\">\n\t\t\t\t\t\t\t<div class=\"elementor-background-overlay\"><\/div>\n\t\t\t\t\t\t\t<div class=\"elementor-container elementor-column-gap-default\">\n\t\t\t\t\t<div class=\"elementor-column elementor-col-100 elementor-top-column elementor-element elementor-element-1f879dc\" data-id=\"1f879dc\" data-element_type=\"column\">\n\t\t\t<div class=\"elementor-widget-wrap elementor-element-populated\">\n\t\t\t\t\t\t<div class=\"elementor-element elementor-element-fbc3958 elementor-widget elementor-widget-text-editor\" data-id=\"fbc3958\" data-element_type=\"widget\" data-widget_type=\"text-editor.default\">\n\t\t\t\t<div class=\"elementor-widget-container\">\n\t\t\t\t\t\t\t\t\t<div class=\"et_pb_column et_pb_column_4_4 et_pb_column_0 et_pb_css_mix_blend_mode_passthrough et-last-child\"><div class=\"et_pb_module et_pb_text et_pb_text_0 et_pb_bg_layout_light et_pb_text_align_left\"><div class=\"et_pb_text_inner\"><div class=\"et_pb_row et_pb_row_1\"><div class=\"et_pb_column et_pb_column_4_4 et_pb_column_3 et_pb_css_mix_blend_mode_passthrough et-last-child\"><div class=\"et_pb_module et_pb_text et_pb_text_0 et_pb_bg_layout_light et_pb_text_align_justified\"><div class=\"et_pb_text_inner\"><div id=\"js_7f\" class=\"_3058 _ui9 _hh7 _s1- _52mr _3oh-\" data-tooltip-content=\"20:21\" data-hover=\"tooltip\" data-tooltip-position=\"left\" aria-describedby=\"js_21\"><p style=\"text-align: justify;\"><span style=\"font-size: 14pt;\">\u015amier\u0107 24 letniej Agnieszki Kotlarskiej by\u0142a dla wszystkich ogromnym szokiem. By\u0142a m\u0142oda, pi\u0119kna, mia\u0142a kochaj\u0105c\u0105 rodzin\u0119 i ca\u0142e \u017cycie by\u0142o jeszcze przed ni\u0105. Ceremonia pogrzebowa Agnieszki odby\u0142a si\u0119 30 sierpnia 1996 roku na cmentarzu Grabiszy\u0144skim we Wroc\u0142awiu. Ludzie t\u0142umnie przyszli po\u017cegna\u0107 wroc\u0142awsk\u0105 pi\u0119kno\u015b\u0107.<\/span><\/p><p style=\"text-align: justify;\"><span style=\"font-size: 14pt;\">Nied\u0142ugo po pogrzebie rozpocz\u0105\u0142 si\u0119 proces Jerzego Lisiewskiego. Biegli psychiatrzy s\u0105dowi stwierdzili, \u017ce m\u0119\u017cczyzna by\u0142 podczas zab\u00f3jstwa w stanie \u201eograniczonej poczytalno\u015bci\u201d. S\u0105d skaza\u0142 Jerzego Lisieckiego za zab\u00f3jstwo Agnieszki Kotlarskiej na 14 lat pozbawienia wolno\u015bci i 5 lat pozbawienia praw publicznych. Zab\u00f3jca Agnieszki z wi\u0119zienia wyszed\u0142 w listopadzie 2012 r.<\/span><\/p><\/div><\/div><\/div><\/div><\/div><\/div><\/div><\/div>\t\t\t\t\t\t\t\t<\/div>\n\t\t\t\t<\/div>\n\t\t\t\t<div class=\"elementor-element elementor-element-f674d22 elementor-widget elementor-widget-spacer\" data-id=\"f674d22\" data-element_type=\"widget\" data-widget_type=\"spacer.default\">\n\t\t\t\t<div class=\"elementor-widget-container\">\n\t\t\t\t\t\t\t<div class=\"elementor-spacer\">\n\t\t\t<div class=\"elementor-spacer-inner\"><\/div>\n\t\t<\/div>\n\t\t\t\t\t\t<\/div>\n\t\t\t\t<\/div>\n\t\t\t\t\t<\/div>\n\t\t<\/div>\n\t\t\t\t\t<\/div>\n\t\t<\/section>\n\t\t\t\t<section class=\"elementor-section elementor-top-section elementor-element elementor-element-3bdd181 elementor-section-boxed elementor-section-height-default elementor-section-height-default\" data-id=\"3bdd181\" data-element_type=\"section\">\n\t\t\t\t\t\t\t<div class=\"elementor-background-overlay\"><\/div>\n\t\t\t\t\t\t\t<div class=\"elementor-container elementor-column-gap-default\">\n\t\t\t\t\t<div class=\"elementor-column elementor-col-100 elementor-top-column elementor-element elementor-element-c7590a4\" data-id=\"c7590a4\" data-element_type=\"column\">\n\t\t\t<div class=\"elementor-widget-wrap elementor-element-populated\">\n\t\t\t\t\t\t<div class=\"elementor-element elementor-element-a788beb elementor-widget-divider--view-line elementor-widget elementor-widget-divider\" data-id=\"a788beb\" data-element_type=\"widget\" data-widget_type=\"divider.default\">\n\t\t\t\t<div class=\"elementor-widget-container\">\n\t\t\t\t\t\t\t<div class=\"elementor-divider\">\n\t\t\t<span class=\"elementor-divider-separator\">\n\t\t\t\t\t\t<\/span>\n\t\t<\/div>\n\t\t\t\t\t\t<\/div>\n\t\t\t\t<\/div>\n\t\t\t\t\t<\/div>\n\t\t<\/div>\n\t\t\t\t\t<\/div>\n\t\t<\/section>\n\t\t\t\t<section class=\"elementor-section elementor-top-section elementor-element elementor-element-a05f93e elementor-section-boxed elementor-section-height-default elementor-section-height-default\" data-id=\"a05f93e\" data-element_type=\"section\" data-settings=\"{&quot;background_background&quot;:&quot;classic&quot;}\">\n\t\t\t\t\t\t<div class=\"elementor-container elementor-column-gap-default\">\n\t\t\t\t\t<div class=\"elementor-column elementor-col-100 elementor-top-column elementor-element elementor-element-95c4faa\" data-id=\"95c4faa\" data-element_type=\"column\">\n\t\t\t<div class=\"elementor-widget-wrap elementor-element-populated\">\n\t\t\t\t\t\t<div class=\"elementor-element elementor-element-129b8f1 elementor-widget elementor-widget-spacer\" data-id=\"129b8f1\" data-element_type=\"widget\" data-widget_type=\"spacer.default\">\n\t\t\t\t<div class=\"elementor-widget-container\">\n\t\t\t\t\t\t\t<div class=\"elementor-spacer\">\n\t\t\t<div class=\"elementor-spacer-inner\"><\/div>\n\t\t<\/div>\n\t\t\t\t\t\t<\/div>\n\t\t\t\t<\/div>\n\t\t\t\t\t<\/div>\n\t\t<\/div>\n\t\t\t\t\t<\/div>\n\t\t<\/section>\n\t\t\t\t<\/div>\n\t\t","protected":false},"excerpt":{"rendered":"<p>Agnieszka Kotlarska &#8211; AGA Pi\u0119kna sylwetka, dziewcz\u0119cy u\u015bmiech, smuk\u0142e nogi i d\u0142ugie, bujne w\u0142osy, ale r\u00f3wnie\u017c si\u0142a charakteru, opanowanie, spok\u00f3j i du\u017ca dojrza\u0142o\u015b\u0107. Takimi s\u0142owami mo\u017cna opisa\u0107 Agnieszk\u0119 Kotlarsk\u0105, kt\u00f3ra jako nastolatka zaczyna swoj\u0105 karier\u0119 w \u015bwiecie modelingu. Pierwszy konkurs pi\u0119kno\u015bci w kt\u00f3rym uczestniczy\u0142a Agnieszka odby\u0142 si\u0119 w 1990 roku, a dowiedzia\u0142a si\u0119 o mim [&hellip;]<\/p>\n","protected":false},"author":1,"featured_media":0,"parent":0,"menu_order":2,"comment_status":"closed","ping_status":"closed","template":"","meta":{"site-sidebar-layout":"no-sidebar","site-content-layout":"page-builder","ast-site-content-layout":"default","site-content-style":"default","site-sidebar-style":"default","ast-global-header-display":"","ast-banner-title-visibility":"","ast-main-header-display":"","ast-hfb-above-header-display":"","ast-hfb-below-header-display":"","ast-hfb-mobile-header-display":"","site-post-title":"disabled","ast-breadcrumbs-content":"","ast-featured-img":"disabled","footer-sml-layout":"","theme-transparent-header-meta":"default","adv-header-id-meta":"","stick-header-meta":"","header-above-stick-meta":"","header-main-stick-meta":"","header-below-stick-meta":"","astra-migrate-meta-layouts":"default","ast-page-background-enabled":"default","ast-page-background-meta":{"desktop":{"background-color":"var(--ast-global-color-4)","background-image":"","background-repeat":"repeat","background-position":"center center","background-size":"auto","background-attachment":"scroll","background-type":"","background-media":"","overlay-type":"","overlay-color":"","overlay-opacity":"","overlay-gradient":""},"tablet":{"background-color":"","background-image":"","background-repeat":"repeat","background-position":"center center","background-size":"auto","background-attachment":"scroll","background-type":"","background-media":"","overlay-type":"","overlay-color":"","overlay-opacity":"","overlay-gradient":""},"mobile":{"background-color":"","background-image":"","background-repeat":"repeat","background-position":"center center","background-size":"auto","background-attachment":"scroll","background-type":"","background-media":"","overlay-type":"","overlay-color":"","overlay-opacity":"","overlay-gradient":""}},"ast-content-background-meta":{"desktop":{"background-color":"var(--ast-global-color-5)","background-image":"","background-repeat":"repeat","background-position":"center center","background-size":"auto","background-attachment":"scroll","background-type":"","background-media":"","overlay-type":"","overlay-color":"","overlay-opacity":"","overlay-gradient":""},"tablet":{"background-color":"var(--ast-global-color-5)","background-image":"","background-repeat":"repeat","background-position":"center center","background-size":"auto","background-attachment":"scroll","background-type":"","background-media":"","overlay-type":"","overlay-color":"","overlay-opacity":"","overlay-gradient":""},"mobile":{"background-color":"var(--ast-global-color-5)","background-image":"","background-repeat":"repeat","background-position":"center center","background-size":"auto","background-attachment":"scroll","background-type":"","background-media":"","overlay-type":"","overlay-color":"","overlay-opacity":"","overlay-gradient":""}},"footnotes":""},"class_list":["post-4985","page","type-page","status-publish","hentry"],"yoast_head":"<!-- This site is optimized with the Yoast SEO plugin v26.6 - https:\/\/yoast.com\/wordpress\/plugins\/seo\/ -->\n<title>AGA - Fundacja AGA<\/title>\n<meta name=\"robots\" content=\"index, follow, max-snippet:-1, max-image-preview:large, max-video-preview:-1\" \/>\n<link rel=\"canonical\" href=\"https:\/\/fundacjaaga.pl\/?page_id=4985\" \/>\n<meta property=\"og:locale\" content=\"pl_PL\" \/>\n<meta property=\"og:type\" content=\"article\" \/>\n<meta property=\"og:title\" content=\"AGA - Fundacja AGA\" \/>\n<meta property=\"og:description\" content=\"Agnieszka Kotlarska &#8211; AGA Pi\u0119kna sylwetka, dziewcz\u0119cy u\u015bmiech, smuk\u0142e nogi i d\u0142ugie, bujne w\u0142osy, ale r\u00f3wnie\u017c si\u0142a charakteru, opanowanie, spok\u00f3j i du\u017ca dojrza\u0142o\u015b\u0107. Takimi s\u0142owami mo\u017cna opisa\u0107 Agnieszk\u0119 Kotlarsk\u0105, kt\u00f3ra jako nastolatka zaczyna swoj\u0105 karier\u0119 w \u015bwiecie modelingu. Pierwszy konkurs pi\u0119kno\u015bci w kt\u00f3rym uczestniczy\u0142a Agnieszka odby\u0142 si\u0119 w 1990 roku, a dowiedzia\u0142a si\u0119 o mim [&hellip;]\" \/>\n<meta property=\"og:url\" content=\"https:\/\/fundacjaaga.pl\/?page_id=4985\" \/>\n<meta property=\"og:site_name\" content=\"Fundacja AGA\" \/>\n<meta property=\"article:publisher\" content=\"https:\/\/www.facebook.com\/profile.php?id=100089280915023\" \/>\n<meta property=\"article:modified_time\" content=\"2023-04-05T09:53:44+00:00\" \/>\n<meta property=\"og:image\" content=\"http:\/\/fundacjaaga.pl\/wp-content\/uploads\/2023\/01\/1.png\" \/>\n<meta name=\"twitter:card\" content=\"summary_large_image\" \/>\n<meta name=\"twitter:label1\" content=\"Szacowany czas czytania\" \/>\n\t<meta name=\"twitter:data1\" content=\"14 minut\" \/>\n<script type=\"application\/ld+json\" class=\"yoast-schema-graph\">{\"@context\":\"https:\/\/schema.org\",\"@graph\":[{\"@type\":\"WebPage\",\"@id\":\"https:\/\/fundacjaaga.pl\/?page_id=4985\",\"url\":\"https:\/\/fundacjaaga.pl\/?page_id=4985\",\"name\":\"AGA - Fundacja AGA\",\"isPartOf\":{\"@id\":\"https:\/\/fundacjaaga.pl\/#website\"},\"primaryImageOfPage\":{\"@id\":\"https:\/\/fundacjaaga.pl\/?page_id=4985#primaryimage\"},\"image\":{\"@id\":\"https:\/\/fundacjaaga.pl\/?page_id=4985#primaryimage\"},\"thumbnailUrl\":\"http:\/\/fundacjaaga.pl\/wp-content\/uploads\/2023\/01\/1.png\",\"datePublished\":\"2023-01-06T10:32:23+00:00\",\"dateModified\":\"2023-04-05T09:53:44+00:00\",\"breadcrumb\":{\"@id\":\"https:\/\/fundacjaaga.pl\/?page_id=4985#breadcrumb\"},\"inLanguage\":\"pl-PL\",\"potentialAction\":[{\"@type\":\"ReadAction\",\"target\":[\"https:\/\/fundacjaaga.pl\/?page_id=4985\"]}]},{\"@type\":\"ImageObject\",\"inLanguage\":\"pl-PL\",\"@id\":\"https:\/\/fundacjaaga.pl\/?page_id=4985#primaryimage\",\"url\":\"https:\/\/fundacjaaga.pl\/wp-content\/uploads\/2023\/01\/1.png\",\"contentUrl\":\"https:\/\/fundacjaaga.pl\/wp-content\/uploads\/2023\/01\/1.png\",\"width\":266,\"height\":355,\"caption\":\"Fundacja AGA - Fundacja pami\u0119ci Agnieszki Kotlarskiej\"},{\"@type\":\"BreadcrumbList\",\"@id\":\"https:\/\/fundacjaaga.pl\/?page_id=4985#breadcrumb\",\"itemListElement\":[{\"@type\":\"ListItem\",\"position\":1,\"name\":\"Strona g\u0142\u00f3wna\",\"item\":\"https:\/\/fundacjaaga.pl\/\"},{\"@type\":\"ListItem\",\"position\":2,\"name\":\"AGA\"}]},{\"@type\":\"WebSite\",\"@id\":\"https:\/\/fundacjaaga.pl\/#website\",\"url\":\"https:\/\/fundacjaaga.pl\/\",\"name\":\"Fundacja AGA\",\"description\":\"Fundacja pami\u0119ci Agnieszki Kotlarskiej\",\"publisher\":{\"@id\":\"https:\/\/fundacjaaga.pl\/#organization\"},\"potentialAction\":[{\"@type\":\"SearchAction\",\"target\":{\"@type\":\"EntryPoint\",\"urlTemplate\":\"https:\/\/fundacjaaga.pl\/?s={search_term_string}\"},\"query-input\":{\"@type\":\"PropertyValueSpecification\",\"valueRequired\":true,\"valueName\":\"search_term_string\"}}],\"inLanguage\":\"pl-PL\"},{\"@type\":\"Organization\",\"@id\":\"https:\/\/fundacjaaga.pl\/#organization\",\"name\":\"Fundacja AGA\",\"url\":\"https:\/\/fundacjaaga.pl\/\",\"logo\":{\"@type\":\"ImageObject\",\"inLanguage\":\"pl-PL\",\"@id\":\"https:\/\/fundacjaaga.pl\/#\/schema\/logo\/image\/\",\"url\":\"https:\/\/fundacjaaga.pl\/wp-content\/uploads\/2023\/01\/cropped-logo.png\",\"contentUrl\":\"https:\/\/fundacjaaga.pl\/wp-content\/uploads\/2023\/01\/cropped-logo.png\",\"width\":127,\"height\":51,\"caption\":\"Fundacja AGA\"},\"image\":{\"@id\":\"https:\/\/fundacjaaga.pl\/#\/schema\/logo\/image\/\"},\"sameAs\":[\"https:\/\/www.facebook.com\/profile.php?id=100089280915023\"]}]}<\/script>\n<!-- \/ Yoast SEO plugin. -->","yoast_head_json":{"title":"AGA - Fundacja AGA","robots":{"index":"index","follow":"follow","max-snippet":"max-snippet:-1","max-image-preview":"max-image-preview:large","max-video-preview":"max-video-preview:-1"},"canonical":"https:\/\/fundacjaaga.pl\/?page_id=4985","og_locale":"pl_PL","og_type":"article","og_title":"AGA - Fundacja AGA","og_description":"Agnieszka Kotlarska &#8211; AGA Pi\u0119kna sylwetka, dziewcz\u0119cy u\u015bmiech, smuk\u0142e nogi i d\u0142ugie, bujne w\u0142osy, ale r\u00f3wnie\u017c si\u0142a charakteru, opanowanie, spok\u00f3j i du\u017ca dojrza\u0142o\u015b\u0107. Takimi s\u0142owami mo\u017cna opisa\u0107 Agnieszk\u0119 Kotlarsk\u0105, kt\u00f3ra jako nastolatka zaczyna swoj\u0105 karier\u0119 w \u015bwiecie modelingu. Pierwszy konkurs pi\u0119kno\u015bci w kt\u00f3rym uczestniczy\u0142a Agnieszka odby\u0142 si\u0119 w 1990 roku, a dowiedzia\u0142a si\u0119 o mim [&hellip;]","og_url":"https:\/\/fundacjaaga.pl\/?page_id=4985","og_site_name":"Fundacja AGA","article_publisher":"https:\/\/www.facebook.com\/profile.php?id=100089280915023","article_modified_time":"2023-04-05T09:53:44+00:00","og_image":[{"url":"http:\/\/fundacjaaga.pl\/wp-content\/uploads\/2023\/01\/1.png","type":"","width":"","height":""}],"twitter_card":"summary_large_image","twitter_misc":{"Szacowany czas czytania":"14 minut"},"schema":{"@context":"https:\/\/schema.org","@graph":[{"@type":"WebPage","@id":"https:\/\/fundacjaaga.pl\/?page_id=4985","url":"https:\/\/fundacjaaga.pl\/?page_id=4985","name":"AGA - Fundacja AGA","isPartOf":{"@id":"https:\/\/fundacjaaga.pl\/#website"},"primaryImageOfPage":{"@id":"https:\/\/fundacjaaga.pl\/?page_id=4985#primaryimage"},"image":{"@id":"https:\/\/fundacjaaga.pl\/?page_id=4985#primaryimage"},"thumbnailUrl":"http:\/\/fundacjaaga.pl\/wp-content\/uploads\/2023\/01\/1.png","datePublished":"2023-01-06T10:32:23+00:00","dateModified":"2023-04-05T09:53:44+00:00","breadcrumb":{"@id":"https:\/\/fundacjaaga.pl\/?page_id=4985#breadcrumb"},"inLanguage":"pl-PL","potentialAction":[{"@type":"ReadAction","target":["https:\/\/fundacjaaga.pl\/?page_id=4985"]}]},{"@type":"ImageObject","inLanguage":"pl-PL","@id":"https:\/\/fundacjaaga.pl\/?page_id=4985#primaryimage","url":"https:\/\/fundacjaaga.pl\/wp-content\/uploads\/2023\/01\/1.png","contentUrl":"https:\/\/fundacjaaga.pl\/wp-content\/uploads\/2023\/01\/1.png","width":266,"height":355,"caption":"Fundacja AGA - Fundacja pami\u0119ci Agnieszki Kotlarskiej"},{"@type":"BreadcrumbList","@id":"https:\/\/fundacjaaga.pl\/?page_id=4985#breadcrumb","itemListElement":[{"@type":"ListItem","position":1,"name":"Strona g\u0142\u00f3wna","item":"https:\/\/fundacjaaga.pl\/"},{"@type":"ListItem","position":2,"name":"AGA"}]},{"@type":"WebSite","@id":"https:\/\/fundacjaaga.pl\/#website","url":"https:\/\/fundacjaaga.pl\/","name":"Fundacja AGA","description":"Fundacja pami\u0119ci Agnieszki Kotlarskiej","publisher":{"@id":"https:\/\/fundacjaaga.pl\/#organization"},"potentialAction":[{"@type":"SearchAction","target":{"@type":"EntryPoint","urlTemplate":"https:\/\/fundacjaaga.pl\/?s={search_term_string}"},"query-input":{"@type":"PropertyValueSpecification","valueRequired":true,"valueName":"search_term_string"}}],"inLanguage":"pl-PL"},{"@type":"Organization","@id":"https:\/\/fundacjaaga.pl\/#organization","name":"Fundacja AGA","url":"https:\/\/fundacjaaga.pl\/","logo":{"@type":"ImageObject","inLanguage":"pl-PL","@id":"https:\/\/fundacjaaga.pl\/#\/schema\/logo\/image\/","url":"https:\/\/fundacjaaga.pl\/wp-content\/uploads\/2023\/01\/cropped-logo.png","contentUrl":"https:\/\/fundacjaaga.pl\/wp-content\/uploads\/2023\/01\/cropped-logo.png","width":127,"height":51,"caption":"Fundacja AGA"},"image":{"@id":"https:\/\/fundacjaaga.pl\/#\/schema\/logo\/image\/"},"sameAs":["https:\/\/www.facebook.com\/profile.php?id=100089280915023"]}]}},"rttpg_featured_image_url":null,"rttpg_author":{"display_name":"admin","author_link":"https:\/\/fundacjaaga.pl\/?author=1"},"rttpg_comment":0,"rttpg_category":null,"rttpg_excerpt":"Agnieszka Kotlarska &#8211; AGA Pi\u0119kna sylwetka, dziewcz\u0119cy u\u015bmiech, smuk\u0142e nogi i d\u0142ugie, bujne w\u0142osy, ale r\u00f3wnie\u017c si\u0142a charakteru, opanowanie, spok\u00f3j i du\u017ca dojrza\u0142o\u015b\u0107. Takimi s\u0142owami mo\u017cna opisa\u0107 Agnieszk\u0119 Kotlarsk\u0105, kt\u00f3ra jako nastolatka zaczyna swoj\u0105 karier\u0119 w \u015bwiecie modelingu. Pierwszy konkurs pi\u0119kno\u015bci w kt\u00f3rym uczestniczy\u0142a Agnieszka odby\u0142 si\u0119 w 1990 roku, a dowiedzia\u0142a si\u0119 o mim&hellip;","_links":{"self":[{"href":"https:\/\/fundacjaaga.pl\/index.php?rest_route=\/wp\/v2\/pages\/4985","targetHints":{"allow":["GET"]}}],"collection":[{"href":"https:\/\/fundacjaaga.pl\/index.php?rest_route=\/wp\/v2\/pages"}],"about":[{"href":"https:\/\/fundacjaaga.pl\/index.php?rest_route=\/wp\/v2\/types\/page"}],"author":[{"embeddable":true,"href":"https:\/\/fundacjaaga.pl\/index.php?rest_route=\/wp\/v2\/users\/1"}],"replies":[{"embeddable":true,"href":"https:\/\/fundacjaaga.pl\/index.php?rest_route=%2Fwp%2Fv2%2Fcomments&post=4985"}],"version-history":[{"count":364,"href":"https:\/\/fundacjaaga.pl\/index.php?rest_route=\/wp\/v2\/pages\/4985\/revisions"}],"predecessor-version":[{"id":7567,"href":"https:\/\/fundacjaaga.pl\/index.php?rest_route=\/wp\/v2\/pages\/4985\/revisions\/7567"}],"wp:attachment":[{"href":"https:\/\/fundacjaaga.pl\/index.php?rest_route=%2Fwp%2Fv2%2Fmedia&parent=4985"}],"curies":[{"name":"wp","href":"https:\/\/api.w.org\/{rel}","templated":true}]}}